{"id":92,"date":"2023-12-09T15:28:03","date_gmt":"2023-12-09T15:28:03","guid":{"rendered":"https:\/\/teresekuhl.com\/?page_id=92"},"modified":"2026-02-25T16:53:14","modified_gmt":"2026-02-25T16:53:14","slug":"terese-kuhln-esittely","status":"publish","type":"page","link":"https:\/\/teresekuhl.com\/?page_id=92","title":{"rendered":"Terese K\u00fchlin tarina: matka pankkiirista taidemanageriksi"},"content":{"rendered":"\n<figure class=\"wp-block-image aligncenter size-large is-resized\"><img loading=\"lazy\" decoding=\"async\" width=\"683\" height=\"1024\" src=\"https:\/\/teresekuhl.com\/wp-content\/uploads\/2025\/09\/2025TereseKulhia_NeeaEloranta_LR-4-683x1024.jpg\" alt=\"\" class=\"wp-image-411\" style=\"width:165px;height:auto\" srcset=\"https:\/\/teresekuhl.com\/wp-content\/uploads\/2025\/09\/2025TereseKulhia_NeeaEloranta_LR-4-683x1024.jpg 683w, https:\/\/teresekuhl.com\/wp-content\/uploads\/2025\/09\/2025TereseKulhia_NeeaEloranta_LR-4-200x300.jpg 200w, https:\/\/teresekuhl.com\/wp-content\/uploads\/2025\/09\/2025TereseKulhia_NeeaEloranta_LR-4-768x1152.jpg 768w, https:\/\/teresekuhl.com\/wp-content\/uploads\/2025\/09\/2025TereseKulhia_NeeaEloranta_LR-4-1024x1536.jpg 1024w, https:\/\/teresekuhl.com\/wp-content\/uploads\/2025\/09\/2025TereseKulhia_NeeaEloranta_LR-4.jpg 1365w\" sizes=\"auto, (max-width: 683px) 100vw, 683px\" \/><\/figure>\n\n\n\n<div class=\"wp-block-columns is-layout-flex wp-container-core-columns-is-layout-28f84493 wp-block-columns-is-layout-flex\">\n<div class=\"wp-block-column is-layout-flow wp-block-column-is-layout-flow\" style=\"flex-basis:100%\">\n<p>Moikka, haluutko kuulla mun stoorin?<\/p>\n\n\n\n<p>Mun nimi on Terese K\u00fchl, ammatiltani olen taidemanageri. Taide on mun suuri rakkaus ja intohimoni on taidetoimijoiden kehityksen ja taloudellisen kasvun mahdollistaminen. Taide on ollut t\u00e4rke\u00e4 osa mua jo lapsesta asti ja nuoruuden unelma taiteilijuudesta nousi uudelleen pintaan ison el\u00e4m\u00e4nmuutoksen my\u00f6t\u00e4. Pitk\u00e4 pankki- ja finanssiurani sai merkitt\u00e4v\u00e4n k\u00e4\u00e4nteen v. 2019, kun sain YT-neuvotteluissa onnenpotkut liikkeenjohdon konsultoinnin huippupestist\u00e4 Tukholman Stureplanilla. Saatuani tiedon soitin viel\u00e4 samana p\u00e4iv\u00e4n\u00e4 \u00e4idilleni ja kerroin ponnekkaasti:<em>&#8221;\u00c4iti, m\u00e4 muutan takas Suomeen ja aloitan taideopinnot!&#8221;. <\/em><\/p>\n\n\n\n<p>Seuraavana syksyn\u00e4 aloitin Taidekoulu Maan nykytaiteen koulutusohjelmassa ja halusin toteuttaa unelmani ammattitaiteilijuudesta. Vuonna 2021 k\u00e4vi kuitenkin niin, ett\u00e4 lennokkaasti alkanut taiteilijaurani sai kolauksen, kun taidemyyntini tyrehtyi. Mietin, ett\u00e4 mit\u00e4s nyt keksit\u00e4\u00e4n. Otin missiokseni selvitt\u00e4\u00e4 <em>miten ansaita elanto taiteella taloudellisesti kannattavasti. <\/em>Seuraavaksi halusin kehitty\u00e4 taidekuraattoriksi ja tuottajaksi.<\/p>\n\n\n\n<p>Viel\u00e4 samana kes\u00e4n\u00e4 perustimme yhdess\u00e4 puolisoni kuvanveist\u00e4j\u00e4 Timo Ahjotulen kanssa Tyynel\u00e4 Galleryn ja sit\u00e4 py\u00f6ritt\u00e4v\u00e4n taideyhdistyksen. Viel\u00e4 silloin en tiennyt, ett\u00e4 kaikki mit\u00e4 tulisin seuraavina vuosina Tyynel\u00e4ss\u00e4 tekem\u00e4\u00e4n olisi nimelt\u00e4\u00e4n taiteen v\u00e4litt\u00e4jyytt\u00e4. Vasta v. 2024 k\u00e4ydess\u00e4ni Taideyliopiston <em>Agentointi <\/em>-kurssia sain kaikelle intohimoiselle tekemiselleni yhteisen nimitt\u00e4j\u00e4n: <em>taiteen v\u00e4litt\u00e4jyys. <\/em>Tyynel\u00e4 Gallery on mun t\u00e4rkein kouluni ja kasvumatkani ja v. 2021-2025 ehdin tehd\u00e4 paljon: mm. kuratoida taiden\u00e4yttelyit\u00e4, tuottaa isoja yhteis\u00f6taidehankkeita, py\u00f6ritt\u00e4\u00e4 taidegalleriaa, edist\u00e4\u00e4 taidemyynti\u00e4, hankkia sponsoreita ja valmentaa ammattitaiteilijoita. <em>Taide ja raha<\/em> -blogini perustin v. 2023, kun halusin jakaa ajatuksiani taiteen ansainta- ja rahoitusmalleista.<\/p>\n\n\n\n<p>Syksyll\u00e4 2024 halusin kokeilla siipi\u00e4ni tuottajana Tyynel\u00e4n ulkopuolella ja sain pestin <em>Opera Telluksen <\/em>kulttuurisponsoroinnista vastaavana tuottajana. T\u00e4m\u00e4 oli opettavaista kasvun aikaa ja sain erikoistua taide- ja kulttuurisponsoroinnin osaajaksi. Pian t\u00e4m\u00e4n j\u00e4lkeen aloin saamaan mielenkiintoisia ty\u00f6tarjouksia mm. webinaarien fasilitoijana, kumppanuushankkijana ja taidemanagerina. Lopulta p\u00e4\u00e4tin ryhty\u00e4 yritt\u00e4j\u00e4ksi.<\/p>\n\n\n\n<p>Kes\u00e4kuusta 2025 l\u00e4htien olen toiminut taiteen v\u00e4litt\u00e4jyyden asiantuntijayritt\u00e4j\u00e4n\u00e4 yrityksess\u00e4ni <em>Terese&#8217;s Art Agency<\/em>. Pankkiirin matka Tukholman Stureplanilta taidemanageriksi Tyynel\u00e4n maalaismaisemaan voi kuulostaa mutkikkaalta, mutta nyt ymm\u00e4rr\u00e4n oman tieni merkityksen. Taiteen v\u00e4litt\u00e4jyydess\u00e4 yhdistyy kaikki se mit\u00e4 olen el\u00e4m\u00e4ni aikana oppinut taloudesta, taiteesta, johtamisesta ja valmentamisesta. Taidemanagerina toimiminen luo mun el\u00e4m\u00e4\u00e4n merkityksellisyytt\u00e4, iloa ja haastetta.<\/p>\n\n\n\n<p>Kiitos ett\u00e4 sain jakaa t\u00e4h\u00e4n astisen tarinani kanssasi! Uusia inspiroivia juonenk\u00e4\u00e4nteit\u00e4 odotellessa&#8230;<\/p>\n\n\n\n<p>Terese <\/p>\n\n\n\n<p><strong>Koulutus ja ty\u00f6kokemus: <\/strong><\/p>\n<\/div>\n<\/div>\n\n\n\n<ul class=\"wp-block-list\">\n<li>Ekonomi, KTM (Helsingin kauppakorkeakoulu, 2008)<\/li>\n\n\n\n<li>Kuvataiteilija (Taidekoulu Maa, 2022)<\/li>\n\n\n\n<li>7 v kuvataidealalla, taiteen v\u00e4litt\u00e4j\u00e4n\u00e4 since 2021<\/li>\n\n\n\n<li>17 v pankki- ja finanssialalla kansainv\u00e4lisiss\u00e4 kehitt\u00e4mis- ja johtamisteht\u00e4viss\u00e4<\/li>\n\n\n\n<li>Tyynel\u00e4 Galleryn co-founder, 2021-2025<\/li>\n\n\n\n<li>Tarkemmat ty\u00f6- ja koulutustiedot <a href=\"https:\/\/www.linkedin.com\/in\/terese-k%C3%BChl-terese%E2%80%99s-art-agency-641a052b0\/\">LinkedIn:ss\u00e4. <\/a><\/li>\n<\/ul>\n\n\n\n<p><strong>Terese\u2019s Art Agency<\/strong> on taiteen v\u00e4litt\u00e4jyyteen erikoistunut asiantuntijayritys, joka palvelee mm. taideinstituutioita, oppilaitoksia, yrityksi\u00e4 ja ammattitaiteilijoita taiteen uusiin ansainta- ja rahoitusmalleihin liittyviss\u00e4 kysymyksiss\u00e4. Lue lis\u00e4\u00e4 <a href=\"https:\/\/teresekuhl.com\/?page_id=393\" data-type=\"link\" data-id=\"https:\/\/teresekuhl.com\/?page_id=393\">palveluista <\/a>ja <a href=\"https:\/\/teresekuhl.com\/?page_id=311\" data-type=\"link\" data-id=\"https:\/\/teresekuhl.com\/?page_id=311\">referenssit\u00f6ist\u00e4<\/a>. <\/p>\n\n\n\n<p><strong>Haluatko tehd\u00e4 kanssani yhteisty\u00f6t\u00e4? <\/strong><\/p>\n\n\n\n<p>Terese K\u00fchl, taidemanageri<br>Terese&#8217;s Art Agency<\/p>\n\n\n\n<p>tereses . artagency @ gmail . com<br>LinkedIn: <a href=\"https:\/\/www.linkedin.com\/in\/terese-k%C3%BChl-terese%E2%80%99s-art-agency-641a052b0\/\" data-type=\"link\" data-id=\"https:\/\/www.linkedin.com\/in\/terese-k%C3%BChl-terese%E2%80%99s-art-agency-641a052b0\/\">Terese K\u00fchl<\/a>, Instagram: <a href=\"https:\/\/www.instagram.com\/teresesartagency\/\" data-type=\"link\" data-id=\"https:\/\/www.instagram.com\/teresesartagency\/\">@teresesartagency<\/a><\/p>\n\n\n\n<p>Taidebr\u00e4nd\u00e4yksen ty\u00f6kirja nyt Terese&#8217;s Art Agencyn Holvi Shopissa: <a href=\"https:\/\/holvi.com\/shop\/teresesartagency\/\">https:\/\/holvi.com\/shop\/teresesartagency\/<\/a><\/p>\n\n\n\n<p>Kuva: Neea Eloranta<\/p>\n\n\n\n<figure class=\"wp-block-image aligncenter size-full is-resized\"><img loading=\"lazy\" decoding=\"async\" width=\"500\" height=\"500\" src=\"https:\/\/teresekuhl.com\/wp-content\/uploads\/2025\/11\/Tereses-Art-Agency-2.png\" alt=\"\" class=\"wp-image-485\" style=\"width:222px;height:auto\" srcset=\"https:\/\/teresekuhl.com\/wp-content\/uploads\/2025\/11\/Tereses-Art-Agency-2.png 500w, https:\/\/teresekuhl.com\/wp-content\/uploads\/2025\/11\/Tereses-Art-Agency-2-300x300.png 300w, https:\/\/teresekuhl.com\/wp-content\/uploads\/2025\/11\/Tereses-Art-Agency-2-150x150.png 150w\" sizes=\"auto, (max-width: 500px) 100vw, 500px\" \/><\/figure>\n\n\n\n<p><\/p>\n","protected":false},"excerpt":{"rendered":"<p>Moikka, haluutko kuulla mun stoorin? Mun nimi on Terese K\u00fchl, ammatiltani olen taidemanageri. Taide on mun suuri rakkaus ja intohimoni on taidetoimijoiden kehityksen ja taloudellisen kasvun mahdollistaminen. Taide on ollut t\u00e4rke\u00e4 osa mua jo lapsesta asti ja nuoruuden unelma taiteilijuudesta nousi uudelleen pintaan ison el\u00e4m\u00e4nmuutoksen my\u00f6t\u00e4. Pitk\u00e4 pankki- ja finanssiurani sai merkitt\u00e4v\u00e4n k\u00e4\u00e4nteen v. 2019, [&hellip;]<\/p>\n","protected":false},"author":1,"featured_media":0,"parent":0,"menu_order":0,"comment_status":"closed","ping_status":"closed","template":"","meta":{"footnotes":""},"class_list":["post-92","page","type-page","status-publish","hentry"],"jetpack_sharing_enabled":true,"_links":{"self":[{"href":"https:\/\/teresekuhl.com\/index.php?rest_route=\/wp\/v2\/pages\/92","targetHints":{"allow":["GET"]}}],"collection":[{"href":"https:\/\/teresekuhl.com\/index.php?rest_route=\/wp\/v2\/pages"}],"about":[{"href":"https:\/\/teresekuhl.com\/index.php?rest_route=\/wp\/v2\/types\/page"}],"author":[{"embeddable":true,"href":"https:\/\/teresekuhl.com\/index.php?rest_route=\/wp\/v2\/users\/1"}],"replies":[{"embeddable":true,"href":"https:\/\/teresekuhl.com\/index.php?rest_route=%2Fwp%2Fv2%2Fcomments&post=92"}],"version-history":[{"count":49,"href":"https:\/\/teresekuhl.com\/index.php?rest_route=\/wp\/v2\/pages\/92\/revisions"}],"predecessor-version":[{"id":743,"href":"https:\/\/teresekuhl.com\/index.php?rest_route=\/wp\/v2\/pages\/92\/revisions\/743"}],"wp:attachment":[{"href":"https:\/\/teresekuhl.com\/index.php?rest_route=%2Fwp%2Fv2%2Fmedia&parent=92"}],"curies":[{"name":"wp","href":"https:\/\/api.w.org\/{rel}","templated":true}]}}