{"id":393,"date":"2025-08-27T08:33:32","date_gmt":"2025-08-27T08:33:32","guid":{"rendered":"https:\/\/teresekuhl.com\/?page_id=393"},"modified":"2026-02-25T16:54:36","modified_gmt":"2026-02-25T16:54:36","slug":"tereses-art-agency","status":"publish","type":"page","link":"https:\/\/teresekuhl.com\/?page_id=393","title":{"rendered":"Terese&#8217;s Art Agency"},"content":{"rendered":"\n<p>on taiteen v\u00e4litt\u00e4jyyteen erikoistunut asiantuntijayritys, joka palvelee mm. taideinstituutioita, oppilaitoksia, yrityksi\u00e4 ja ammattitaiteilijoita taiteen uusiin ansainta- ja rahoitusmalleihin liittyviss\u00e4 kysymyksiss\u00e4.<\/p>\n\n\n\n<p><strong>Miten voisin auttaa sinua ja organisaatiotasi taiteen v\u00e4litt\u00e4jyydess\u00e4?<\/strong><\/p>\n\n\n\n<p><strong>ASIANTUNTIJUUS<\/strong><\/p>\n\n\n\n<p class=\"has-text-align-left\">* Taidesponsorointi&nbsp; <br>* Taidelisensointi <br>* Taidebr\u00e4nd\u00e4ys<br>* Taiteen palvelumuotoilu<\/p>\n\n\n\n<p><strong>PALVELUT<\/strong><\/p>\n\n\n\n<p class=\"has-text-align-left\">* Konsultointi ja edustus<br>* Koulutus ja valmennus&nbsp;<br>* Puhuminen ja kirjoittaminen<\/p>\n\n\n\n<p>Palvelut <em>r\u00e4\u00e4t\u00e4l\u00f6id\u00e4\u00e4n <\/em>jokaiselle asiakkaalle <em>yksil\u00f6llisesti<\/em>. <\/p>\n\n\n\n<p><strong>REFERENSSIT\u00d6IT\u00c4<\/strong><\/p>\n\n\n\n<div class=\"wp-block-group is-vertical is-layout-flex wp-container-core-group-is-layout-fe9cc265 wp-block-group-is-layout-flex\">\n<p>* <em>Yritysyhteisty\u00f6n mahdollisuudet kuvataidetoimijoille<\/em>. Suomen Taiteilijaseura, SKR:n rahoittama Uudet mesenaatit -hanke, 2025.<\/p>\n\n\n\n<p>* <em>Helsingin Taidehalli:<\/em>&nbsp;Pitk\u00e4aikaisten kumppanuuksien sek\u00e4 Nuoret2026 -n\u00e4yttelykumppaneiden hankinta, yhteisty\u00f6ss\u00e4 RCBA Oy:n kanssa ja osana Suomen Taiteilijaseuran Uudet mesenaatit -hanketta, 2025-.<\/p>\n\n\n\n<p>* <em>Kuvittaja Matilda H\u00f6\u00f6pakka:<\/em>&nbsp;Darrakatti -br\u00e4ndin edustaminen ja lisensointikumppaneiden hankinta, 2025-. <\/p>\n\n\n\n<p>*<em>Taiteen ammattilaisten valmennusohjelmat:<\/em>&nbsp;Taiteen v\u00e4litt\u00e4j\u00e4, Taidelisensointi, Taidekumppanuudet ja Taidebr\u00e4nd\u00e4ys -valmennukset, 2025-.&nbsp;<\/p>\n<\/div>\n\n\n\n<p><em>-&gt; Lue lis\u00e4\u00e4 referenssit\u00f6ist\u00e4 <a href=\"https:\/\/teresekuhl.com\/?page_id=311\" data-type=\"link\" data-id=\"https:\/\/teresekuhl.com\/?page_id=311\">t\u00e4\u00e4ll\u00e4<\/a>.&nbsp;<\/em><\/p>\n\n\n\n<p><strong>ARVOPOHJA<\/strong><\/p>\n\n\n\n<ul class=\"wp-block-list\">\n<li>Taiteen arvostus ja taiteen taloudellinen kasvu: kest\u00e4v\u00e4sti ja inhimillisesti<\/li>\n\n\n\n<li>Rohkeus ja innovatiivisuus: kehityksen tekeminen yhdess\u00e4 ja ilolla<\/li>\n\n\n\n<li>Ilmaisunvapaus ja avoimuus: oppiminen, tiedon ja osaamisen jakaminen<\/li>\n<\/ul>\n\n\n\n<p><strong>MISSIO<\/strong><\/p>\n\n\n\n<p>Terese\u2019s Art Agencyn missiona on taiteen arvostuksen ja taloudellisen kasvun edist\u00e4minen taiteen uusia ansainta- ja rahoitusmalleja kehitt\u00e4m\u00e4ll\u00e4 organisaatioiden ja ammattitaiteilijoiden kanssa n\u00e4iden tarpeiden ja tavoitteiden pohjalta.&nbsp;<\/p>\n\n\n\n<figure class=\"wp-block-image aligncenter size-large is-resized\"><img loading=\"lazy\" decoding=\"async\" width=\"683\" height=\"1024\" src=\"https:\/\/teresekuhl.com\/wp-content\/uploads\/2025\/09\/2025TereseKulhia_NeeaEloranta_LR-2-1-683x1024.jpg\" alt=\"\" class=\"wp-image-419\" style=\"aspect-ratio:0.6670028576231299;width:180px;height:auto\" srcset=\"https:\/\/teresekuhl.com\/wp-content\/uploads\/2025\/09\/2025TereseKulhia_NeeaEloranta_LR-2-1-683x1024.jpg 683w, https:\/\/teresekuhl.com\/wp-content\/uploads\/2025\/09\/2025TereseKulhia_NeeaEloranta_LR-2-1-200x300.jpg 200w, https:\/\/teresekuhl.com\/wp-content\/uploads\/2025\/09\/2025TereseKulhia_NeeaEloranta_LR-2-1-768x1152.jpg 768w, https:\/\/teresekuhl.com\/wp-content\/uploads\/2025\/09\/2025TereseKulhia_NeeaEloranta_LR-2-1-1024x1536.jpg 1024w, https:\/\/teresekuhl.com\/wp-content\/uploads\/2025\/09\/2025TereseKulhia_NeeaEloranta_LR-2-1.jpg 1365w\" sizes=\"auto, (max-width: 683px) 100vw, 683px\" \/><\/figure>\n\n\n\n<p><strong>Terese K\u00fchl: taidemanageri<\/strong><\/p>\n\n\n\n<ul class=\"wp-block-list\">\n<li>Ekonomi, KTM (Helsingin kauppakorkeakoulu, 2008)<\/li>\n\n\n\n<li>Kuvataiteilija (Taidekoulu Maa, 2022)<\/li>\n\n\n\n<li>7 v kuvataidealalla mm. taiteen v\u00e4litt\u00e4j\u00e4n\u00e4<\/li>\n\n\n\n<li>17 v pankki- ja finanssialalla kansainv\u00e4lisiss\u00e4 kehitt\u00e4mis- ja johtamisteht\u00e4viss\u00e4<\/li>\n\n\n\n<li>Tyynel\u00e4 Galleryn co-founder, 2021-25<\/li>\n\n\n\n<li>Lue Teresen tarina <a href=\"https:\/\/teresekuhl.com\/?page_id=92\" data-type=\"link\" data-id=\"https:\/\/teresekuhl.com\/?page_id=92\">t\u00e4\u00e4ll\u00e4<\/a>.<\/li>\n\n\n\n<li>Tarkemmat koulutus- ja ty\u00f6kokemustiedot <a href=\"https:\/\/www.linkedin.com\/in\/terese-k%C3%BChl-terese%E2%80%99s-art-agency-641a052b0\/\" data-type=\"link\" data-id=\"https:\/\/www.linkedin.com\/in\/terese-k%C3%BChl-terese%E2%80%99s-art-agency-641a052b0\/\">LinkedIn:ss\u00e4. <\/a><\/li>\n<\/ul>\n\n\n\n<p><strong>Miten voisin auttaa sinua ja organisaatiotasi taiteen v\u00e4litt\u00e4jyydess\u00e4?<\/strong><\/p>\n\n\n\n<p><strong>OTA YHTEYTT\u00c4 NIIN JUTELLAAN LIS\u00c4\u00c4!<\/strong><\/p>\n\n\n\n<p>Terese K\u00fchl, taidemanageri<br>Terese&#8217;s Art Agency<\/p>\n\n\n\n<p>tereses . artagency @ gmail . com<br>LinkedIn: <a href=\"https:\/\/www.linkedin.com\/in\/terese-k%C3%BChl-terese%E2%80%99s-art-agency-641a052b0\/\" data-type=\"link\" data-id=\"https:\/\/www.linkedin.com\/in\/terese-k%C3%BChl-terese%E2%80%99s-art-agency-641a052b0\/\">Terese K\u00fchl<\/a>, Instagram: <a href=\"https:\/\/www.instagram.com\/teresesartagency\/\" data-type=\"link\" data-id=\"https:\/\/www.instagram.com\/teresesartagency\/\">@teresesartagency<\/a><\/p>\n\n\n\n<p>Terese&#8217;s Art Agencyn Holvi Shop: <a href=\"https:\/\/holvi.com\/shop\/teresesartagency\/\">https:\/\/holvi.com\/shop\/teresesartagency\/<\/a> :Taidebr\u00e4nd\u00e4yksen ty\u00f6kirja<\/p>\n\n\n\n<p>Kuva: Neea Eloranta<\/p>\n\n\n\n<p><\/p>\n\n\n\n<p><\/p>\n\n\n\n<p><\/p>\n\n\n\n<p><\/p>\n\n\n\n<p><\/p>\n\n\n\n<p><\/p>\n","protected":false},"excerpt":{"rendered":"<p>on taiteen v\u00e4litt\u00e4jyyteen erikoistunut asiantuntijayritys, joka palvelee mm. taideinstituutioita, oppilaitoksia, yrityksi\u00e4 ja ammattitaiteilijoita taiteen uusiin ansainta- ja rahoitusmalleihin liittyviss\u00e4 kysymyksiss\u00e4. Miten voisin auttaa sinua ja organisaatiotasi taiteen v\u00e4litt\u00e4jyydess\u00e4? ASIANTUNTIJUUS * Taidesponsorointi&nbsp; * Taidelisensointi * Taidebr\u00e4nd\u00e4ys* Taiteen palvelumuotoilu PALVELUT * Konsultointi ja edustus* Koulutus ja valmennus&nbsp;* Puhuminen ja kirjoittaminen Palvelut r\u00e4\u00e4t\u00e4l\u00f6id\u00e4\u00e4n jokaiselle asiakkaalle yksil\u00f6llisesti. REFERENSSIT\u00d6IT\u00c4 * [&hellip;]<\/p>\n","protected":false},"author":1,"featured_media":0,"parent":0,"menu_order":0,"comment_status":"closed","ping_status":"closed","template":"","meta":{"footnotes":""},"class_list":["post-393","page","type-page","status-publish","hentry"],"jetpack_sharing_enabled":true,"_links":{"self":[{"href":"https:\/\/teresekuhl.com\/index.php?rest_route=\/wp\/v2\/pages\/393","targetHints":{"allow":["GET"]}}],"collection":[{"href":"https:\/\/teresekuhl.com\/index.php?rest_route=\/wp\/v2\/pages"}],"about":[{"href":"https:\/\/teresekuhl.com\/index.php?rest_route=\/wp\/v2\/types\/page"}],"author":[{"embeddable":true,"href":"https:\/\/teresekuhl.com\/index.php?rest_route=\/wp\/v2\/users\/1"}],"replies":[{"embeddable":true,"href":"https:\/\/teresekuhl.com\/index.php?rest_route=%2Fwp%2Fv2%2Fcomments&post=393"}],"version-history":[{"count":56,"href":"https:\/\/teresekuhl.com\/index.php?rest_route=\/wp\/v2\/pages\/393\/revisions"}],"predecessor-version":[{"id":746,"href":"https:\/\/teresekuhl.com\/index.php?rest_route=\/wp\/v2\/pages\/393\/revisions\/746"}],"wp:attachment":[{"href":"https:\/\/teresekuhl.com\/index.php?rest_route=%2Fwp%2Fv2%2Fmedia&parent=393"}],"curies":[{"name":"wp","href":"https:\/\/api.w.org\/{rel}","templated":true}]}}