{"id":311,"date":"2025-04-06T15:35:48","date_gmt":"2025-04-06T15:35:48","guid":{"rendered":"https:\/\/teresekuhl.com\/?page_id=311"},"modified":"2026-03-25T10:57:09","modified_gmt":"2026-03-25T10:57:09","slug":"webinaarit-radiokeskustelut-ja-lehtihaastattelut","status":"publish","type":"page","link":"https:\/\/teresekuhl.com\/?page_id=311","title":{"rendered":"Terese K\u00fchlin referenssit taiteen v\u00e4litt\u00e4j\u00e4n\u00e4 since 2021"},"content":{"rendered":"\n<p><em>Katso my\u00f6s Terese&#8217;s Art Agencyn <a href=\"https:\/\/teresekuhl.com\/?page_id=393\" data-type=\"link\" data-id=\"https:\/\/teresekuhl.com\/?page_id=393\">palvelut <\/a>ja Terese K\u00fchlin <a href=\"https:\/\/teresekuhl.com\/?page_id=92\" data-type=\"link\" data-id=\"https:\/\/teresekuhl.com\/?page_id=92\">tarina.<\/a><\/em> Terese&#8217;s Art Agencyn <a href=\"https:\/\/holvi.com\/shop\/teresesartagency\/\" data-type=\"link\" data-id=\"https:\/\/holvi.com\/shop\/teresesartagency\/\">Holvi Shop<\/a>. <\/p>\n\n\n\n<p><strong>WEBINAARIT&nbsp;<\/strong><\/p>\n\n\n\n<ul class=\"wp-block-list\">\n<li><em>Taidebr\u00e4nd\u00e4ys<\/em>, Terese&#8217;s Art Agency, 2026.<\/li>\n\n\n\n<li><em>Yritysyhteisty\u00f6n mahdollisuudet kuvataidetoimijoille<\/em>. Suomen Taiteilijaseura, SKR:n rahoittama Uudet mesenaatit -hanke, 2025.<\/li>\n\n\n\n<li><em>Art Pricing for Visual Artist<\/em>. Globe Art Point ry &amp; Konstrundan ry, 2025.<\/li>\n\n\n\n<li><em>Taiteen uudet ansaintamallit<\/em>: Kuvataidetalo ja Valokuvataiteilijoiden liitto ry, osana koulutusohjelmaa taiteen ammattilaisille, 2025.<\/li>\n\n\n\n<li><em>KUVATA-hankkeen webinaarit:<\/em> Kuvataiteilijan uusi ty\u00f6- ja ansaintakentt\u00e4. Lapin Yliopisto, EU:n osarahoittama ESR+ -hanke, 2024. Katso YouTubessa:\n<ul class=\"wp-block-list\">\n<li><em><a href=\"https:\/\/www.youtube.com\/watch?v=5v3mmWduFl8\" data-type=\"link\" data-id=\"https:\/\/www.youtube.com\/watch?v=5v3mmWduFl8\">Projektihallintataidoilla onnistut taiden\u00e4yttelytuotannossa<\/a><\/em> <\/li>\n\n\n\n<li><em><a href=\"https:\/\/www.youtube.com\/watch?v=5XcfjInPqkY\" data-type=\"link\" data-id=\"https:\/\/www.youtube.com\/watch?v=5XcfjInPqkY\">Taiden\u00e4yttelyn budjetointi&nbsp;<\/a><\/em><\/li>\n\n\n\n<li><em><a href=\"https:\/\/www.youtube.com\/watch?v=D8t-Ba_psDA\" data-type=\"link\" data-id=\"https:\/\/www.youtube.com\/watch?v=D8t-Ba_psDA\">Tiimist\u00e4 voimaa taiteeseen<\/a><\/em><\/li>\n<\/ul>\n<\/li>\n<\/ul>\n\n\n\n<p><strong>SPONSOROINTI<\/strong><\/p>\n\n\n\n<ul class=\"wp-block-list\">\n<li>Helsinki Biennaali 2027, Helsingin Taidemuseo, RCBA Oy:n alihankkijana 2026-.<\/li>\n\n\n\n<li><em>Helsingin Taidehalli:<\/em> Pitk\u00e4aikaisten kumppanuuksien sek\u00e4 Nuoret2026 -n\u00e4yttelykumppaneiden hankinta osana Suomen Taiteilijaseuran Uudet mesenaatit -hanketta, RCBA Oy:n alihankkijana 2025-.<\/li>\n\n\n\n<li><em>Kuvanveist\u00e4j\u00e4 Jenni Tieaho:<\/em> Kumppanuusstrategia ja kumppanuuksien hankinta. Sudenkorentojen laulu -ymp\u00e4rist\u00f6taidehanke 2026-2028 Luomuksen yleis\u00f6kohteissa, 2025-.<\/li>\n\n\n\n<li><em>Kuvanveist\u00e4j\u00e4 Timo Ahjotuli: <\/em>M\u00e4nt\u00e4n Kuvataideviikkojen teoskumppanuuksien hankinta, 2024.<\/li>\n\n\n\n<li><em>Opera Tellus ry:<\/em> Kulttuurisponsoroinnin kumppanuuusohjelmien ja -kampanjoiden suunnittelu ja kumppanuushankinta, 2024-2025.<\/li>\n\n\n\n<li><em>Tyynel\u00e4 Gallery:<\/em> Kumppanuuksien suunnittelu ja hankinta ammattitaiteilijoille, taidehankkeille ja -n\u00e4yttelyille, 2021-2025.<\/li>\n<\/ul>\n\n\n\n<p><strong>TAITEEN LISENSOINTI&nbsp;<\/strong><\/p>\n\n\n\n<ul class=\"wp-block-list\">\n<li><em>Kuvittaja Matilda H\u00f6\u00f6pakka:<\/em> Darrakatti -br\u00e4ndin edustaminen ja lisensointikumppaneiden hankinta 2025-, lisensointisopimus Korttipisteen kanssa 2026-. <\/li>\n<\/ul>\n\n\n\n<p><strong>VALMENNUS&nbsp;<\/strong><\/p>\n\n\n\n<ul class=\"wp-block-list\">\n<li><em>Taidebr\u00e4nd\u00e4ys-valmennus<\/em>, lue <a href=\"https:\/\/teresekuhl.com\/?page_id=680\" data-type=\"link\" data-id=\"https:\/\/teresekuhl.com\/?page_id=680\">lis\u00e4\u00e4<\/a>,<em>Taidebr\u00e4nd\u00e4yksen-ty\u00f6kirja<\/em>, lue <a href=\"https:\/\/teresekuhl.com\/?page_id=775\" data-type=\"page\" data-id=\"775\">lis\u00e4\u00e4<\/a>, osta <a href=\"https:\/\/holvi.com\/shop\/teresesartagency\/\" data-type=\"link\" data-id=\"https:\/\/holvi.com\/shop\/teresesartagency\/\">Holvi Shopista<\/a>, 2026-.<\/li>\n\n\n\n<li><em>Taiteen ammattilaisten valmennusohjelmat:<\/em> Taiteen v\u00e4litt\u00e4j\u00e4-, Taidelisensointi-, Taidekumppanuudet-valmennukset, 2025-.&nbsp;<\/li>\n\n\n\n<li><em>Uudet mesenaatit -hanke: <\/em>Kumppanuuspilotointiin osallistuvien taidetoimijoiden (ForumBox, RaumArs, Tampereen Taiteilijaseura ja Taidekeskus M\u00e4ltinranta) kumppanuushankinnan ty\u00f6kirjat ja sparraus-keskustelut, 2025.&nbsp;<\/li>\n\n\n\n<li><em>Nuori Taide 2025 -tapahtuma:<\/em> Nuorten taiteilijoiden mentorointi Taiteen hinnoitteluklinikalla. Lasten ja nuorten taidekeskuksen s\u00e4\u00e4ti\u00f6, Nuori Taide, 2025.<\/li>\n\n\n\n<li><em>Tyynel\u00e4n Taiteilijaohjelma ja Tyynel\u00e4 Coaching: <\/em>Ammattitaiteilijoiden, luovan alan ammattilaisten ja nuorten taiteilijoiden valmennusohjelmat ja mentorointi. Taiteen ansainta- ja rahoitusmallien, yritt\u00e4jyysvalmiuksien ja yhteisty\u00f6kumppanuuksien kehitt\u00e4minen. Tyynel\u00e4 Gallery, 2023-2025.<\/li>\n<\/ul>\n\n\n\n<p><strong>PALVELUMUOTOILU&nbsp;<\/strong><\/p>\n\n\n\n<ul class=\"wp-block-list\">\n<li><em>Pinkit Tilat<\/em><strong>,<\/strong> taiteilija Viivi Kiiskisen taiteen kaupallinen konseptointi, 2025.&nbsp;<\/li>\n\n\n\n<li><em>Vector Meditation -taidekatalogi<\/em>, kuvataiteilija Veera Vartiaisen (VV-machine) taiteen hinnoittelu ja konseptointi, 2025.&nbsp;<\/li>\n\n\n\n<li><em>Tyynel\u00e4 Gallery<\/em>, Taide-el\u00e4mys -konsepti, Dialogi -kuratointimetodi, Tyynel\u00e4n Taiteilijaohjelma -valmennus, Taiteen oheistuotteiden ja palveluiden kehitt\u00e4minen, Gift shop -konsepti, yhteis\u00f6taiteen ja kulttuurisen nuorisoty\u00f6n palvelukonseptit, 2021-2025.&nbsp;<\/li>\n<\/ul>\n\n\n\n<p><strong>KIRJOITTAJANA<\/strong><\/p>\n\n\n\n<ul class=\"wp-block-list\">\n<li><em>Artikkeli: <\/em><a href=\"https:\/\/helda.helsinki.fi\/items\/01cbc61b-33ef-49c6-a89e-630c8de1a4e6\" data-type=\"link\" data-id=\"https:\/\/helda.helsinki.fi\/items\/01cbc61b-33ef-49c6-a89e-630c8de1a4e6\"><em>Taiteen v\u00e4litt\u00e4j\u00e4t visuaalisten taiteiden kasvun ja kansainv\u00e4listymisen draivereina<\/em>, artikkeli <em>Kiistoista kasvuksi <\/em>-tutkimushankkeen julkaisussa, Helsingin yliopisto, Helda 2026.<\/a><\/li>\n\n\n\n<li><em>K\u00e4sikirja:Taidesponsoroinnin k\u00e4sikirja<\/em>, Uudet mesenaatit-hanke: 2026.<\/li>\n\n\n\n<li><em>Blogi:<\/em><a href=\"https:\/\/teresekuhl.com\/\" data-type=\"link\" data-id=\"https:\/\/teresekuhl.com\/\"><em> <\/em>Taide ja raha -blogi: &gt;20 blogiteksti\u00e4, &gt;9.000 lukukertaa, 2023-.&nbsp;<\/a><\/li>\n<\/ul>\n\n\n\n<p><strong>PUHUJANA<\/strong><\/p>\n\n\n\n<ul class=\"wp-block-list\">\n<li><a href=\"https:\/\/audio.com\/tereses-art-agency\" data-type=\"link\" data-id=\"https:\/\/audio.com\/tereses-art-agency\"><strong>Taide ja raha -podi<\/strong> <\/a><a href=\"https:\/\/open.spotify.com\/show\/4uyuUr7vrr8id0gzvlDxS6?si=hIUTa8QOQJe4wOa6QIfnhQ\" data-type=\"link\" data-id=\"https:\/\/audio.com\/tereses-art-agency\">Spotify<\/a> ja <a href=\"https:\/\/audio.com\/tereses-art-agency\">Audio.com<\/a><\/li>\n\n\n\n<li><a href=\"https:\/\/areena.yle.fi\/podcastit\/1-72850288\"><strong>YLE Kulttuuriykk\u00f6nen: <\/strong>Saako sponsorin logo n\u00e4ky\u00e4 taideteoksessa?<\/a>, 2025.<\/li>\n\n\n\n<li><a href=\"https:\/\/www.supla.fi\/episode\/d8606bde-47e1-5673-a16a-66dd4b5d8d57\" data-type=\"link\" data-id=\"https:\/\/www.supla.fi\/episode\/d8606bde-47e1-5673-a16a-66dd4b5d8d57\"><strong>ArtPod:<\/strong> Keskusteluja taiteesta ja rahasta: Agentuurit taiteilijan uran tukena<\/a>, 2025.<\/li>\n<\/ul>\n\n\n\n<p><strong>MEDIASSA<\/strong><\/p>\n\n\n\n<ul class=\"wp-block-list\">\n<li><a href=\"https:\/\/www.ku.fi\/artikkeli\/5139074-taide-markkinaehtoistuu-tallaisia-ovat-uudet-ansaintalogiikat\"><strong>Kansan uutiset:<\/strong> Taide markkinaehtoistuu \u2013 t\u00e4llaisia ovat uudet ansaintalogiikat \u2013 Kansan Uutiset<\/a>, 2025.<\/li>\n<\/ul>\n\n\n\n<p><\/p>\n\n\n\n<p><strong>YHTEYSTIEDOT<\/strong><\/p>\n\n\n\n<p>Tehd\u00e4\u00e4n yhteisty\u00f6t\u00e4!<\/p>\n\n\n\n<p>Terese K\u00fchl, Terese&#8217;s Art Agency<\/p>\n\n\n\n<p><a href=\"mailto:tereses.artagency@gmail.com\">tereses.artagency@gmail.com<\/a><\/p>\n\n\n\n<p><strong>LinkedIn:<\/strong> <a href=\"https:\/\/www.linkedin.com\/in\/terese-k%C3%BChl-terese%E2%80%99s-art-agency-641a052b0\/\">Terese K\u00fchl<\/a><\/p>\n\n\n\n<p><strong>Instagram: <\/strong><a href=\"https:\/\/www.instagram.com\/teresesartagency\/\">@teresesartagency<\/a><\/p>\n\n\n\n<p><a href=\"https:\/\/teresekuhl.com\/\" data-type=\"link\" data-id=\"https:\/\/teresekuhl.com\/\"><strong>Taide ja raha -blogi<\/strong><\/a><\/p>\n\n\n\n<p><\/p>\n","protected":false},"excerpt":{"rendered":"<p>Katso my\u00f6s Terese&#8217;s Art Agencyn palvelut ja Terese K\u00fchlin tarina. Terese&#8217;s Art Agencyn Holvi Shop. WEBINAARIT&nbsp; SPONSOROINTI TAITEEN LISENSOINTI&nbsp; VALMENNUS&nbsp; PALVELUMUOTOILU&nbsp; KIRJOITTAJANA PUHUJANA MEDIASSA YHTEYSTIEDOT Tehd\u00e4\u00e4n yhteisty\u00f6t\u00e4! Terese K\u00fchl, Terese&#8217;s Art Agency tereses.artagency@gmail.com LinkedIn: Terese K\u00fchl Instagram: @teresesartagency Taide ja raha -blogi<\/p>\n","protected":false},"author":1,"featured_media":0,"parent":0,"menu_order":0,"comment_status":"closed","ping_status":"closed","template":"","meta":{"footnotes":""},"class_list":["post-311","page","type-page","status-publish","hentry"],"jetpack_sharing_enabled":true,"_links":{"self":[{"href":"https:\/\/teresekuhl.com\/index.php?rest_route=\/wp\/v2\/pages\/311","targetHints":{"allow":["GET"]}}],"collection":[{"href":"https:\/\/teresekuhl.com\/index.php?rest_route=\/wp\/v2\/pages"}],"about":[{"href":"https:\/\/teresekuhl.com\/index.php?rest_route=\/wp\/v2\/types\/page"}],"author":[{"embeddable":true,"href":"https:\/\/teresekuhl.com\/index.php?rest_route=\/wp\/v2\/users\/1"}],"replies":[{"embeddable":true,"href":"https:\/\/teresekuhl.com\/index.php?rest_route=%2Fwp%2Fv2%2Fcomments&post=311"}],"version-history":[{"count":54,"href":"https:\/\/teresekuhl.com\/index.php?rest_route=\/wp\/v2\/pages\/311\/revisions"}],"predecessor-version":[{"id":814,"href":"https:\/\/teresekuhl.com\/index.php?rest_route=\/wp\/v2\/pages\/311\/revisions\/814"}],"wp:attachment":[{"href":"https:\/\/teresekuhl.com\/index.php?rest_route=%2Fwp%2Fv2%2Fmedia&parent=311"}],"curies":[{"name":"wp","href":"https:\/\/api.w.org\/{rel}","templated":true}]}}